{"id":25,"date":"2024-04-11T07:34:01","date_gmt":"2024-04-11T07:34:01","guid":{"rendered":"https:\/\/berengar.de\/?page_id=25"},"modified":"2025-01-15T09:34:03","modified_gmt":"2025-01-15T09:34:03","slug":"kalender","status":"publish","type":"page","link":"https:\/\/berengar.de\/?page_id=25","title":{"rendered":"NEWS"},"content":{"rendered":"\n<details class=\"wp-block-details is-layout-flow wp-block-details-is-layout-flow\"><summary><div dir=\"auto\" data-olk-copy-source=\"MessageBody\" style=\"border: 0px; font-variant-numeric: inherit; font-variant-east-asian: inherit; font-variant-alternates: inherit; font-variant-position: inherit; font-variant-emoji: inherit; font-stretch: inherit; font-size: 15px; line-height: inherit; font-family: &quot;Segoe UI&quot;, &quot;Segoe UI Web (West European)&quot;, -apple-system, BlinkMacSystemFont, Roboto, &quot;Helvetica Neue&quot;, sans-serif; font-optical-sizing: inherit; font-size-adjust: inherit; font-kerning: inherit; font-feature-settings: inherit; font-variation-settings: inherit; margin: 0px; padding: 0px; vertical-align: baseline; color: rgb(36, 36, 36); white-space-collapse: collapse; background-color: rgb(255, 255, 255);\">Die 50. Generalversammlung des Fanfarenzugs Bergatreute\u00a0<\/div><\/summary>\n<p><div dir=\"auto\" data-olk-copy-source=\"MessageBody\" style=\"border: 0px; font-variant-numeric: inherit; font-variant-east-asian: inherit; font-variant-alternates: inherit; font-variant-position: inherit; font-variant-emoji: inherit; font-stretch: inherit; font-size: 15px; line-height: inherit; font-family: &quot;Segoe UI&quot;, &quot;Segoe UI Web (West European)&quot;, -apple-system, BlinkMacSystemFont, Roboto, &quot;Helvetica Neue&quot;, sans-serif; font-optical-sizing: inherit; font-size-adjust: inherit; font-kerning: inherit; font-feature-settings: inherit; font-variation-settings: inherit; margin: 0px; padding: 0px; vertical-align: baseline; color: rgb(36, 36, 36); white-space-collapse: collapse; background-color: rgb(255, 255, 255);\">Die 50. Generalversammlung des Fanfarenzugs Bergatreute fand heute im Sch\u00fctzenhaus statt und bot einen umfassenden R\u00fcckblick auf das vergangene Vereinsjahr. Vorstand Stefan Kloos er\u00f6ffnete die Versammlung und berichtete \u00fcber die zahlreichen Aktivit\u00e4ten, die vom 50-j\u00e4hrigen Jubil\u00e4um als herausragendem H\u00f6hepunkt gepr\u00e4gt waren. Schriftf\u00fchrerin Mona Hardtmann lie\u00df die wichtigsten Momente des Jahres in einer anschaulichen Diashow Revue passieren.<\/div><div dir=\"auto\" style=\"border: 0px; font-variant-numeric: inherit; font-variant-east-asian: inherit; font-variant-alternates: inherit; font-variant-position: inherit; font-variant-emoji: inherit; font-stretch: inherit; font-size: 15px; line-height: inherit; font-family: &quot;Segoe UI&quot;, &quot;Segoe UI Web (West European)&quot;, -apple-system, BlinkMacSystemFont, Roboto, &quot;Helvetica Neue&quot;, sans-serif; font-optical-sizing: inherit; font-size-adjust: inherit; font-kerning: inherit; font-feature-settings: inherit; font-variation-settings: inherit; margin: 0px; padding: 0px; vertical-align: baseline; color: rgb(36, 36, 36); white-space-collapse: collapse; background-color: rgb(255, 255, 255);\"><\/div><div dir=\"auto\" style=\"border: 0px; font-variant-numeric: inherit; font-variant-east-asian: inherit; font-variant-alternates: inherit; font-variant-position: inherit; font-variant-emoji: inherit; font-stretch: inherit; font-size: 15px; line-height: inherit; font-family: &quot;Segoe UI&quot;, &quot;Segoe UI Web (West European)&quot;, -apple-system, BlinkMacSystemFont, Roboto, &quot;Helvetica Neue&quot;, sans-serif; font-optical-sizing: inherit; font-size-adjust: inherit; font-kerning: inherit; font-feature-settings: inherit; font-variation-settings: inherit; margin: 0px; padding: 0px; vertical-align: baseline; color: rgb(36, 36, 36); white-space-collapse: collapse; background-color: rgb(255, 255, 255);\">Tambour Jan Pfiffner berichtete \u00fcber die musikalischen Auftritte sowie neue Mitglieder im Verein. Kassierer Simon Brauchle gab einen transparenten Einblick in die Finanzlage und wurde, ebenso wie die gesamte Vorstandschaft, von den Mitgliedern entlastet.<\/div><div dir=\"auto\" style=\"border: 0px; font-variant-numeric: inherit; font-variant-east-asian: inherit; font-variant-alternates: inherit; font-variant-position: inherit; font-variant-emoji: inherit; font-stretch: inherit; font-size: 15px; line-height: inherit; font-family: &quot;Segoe UI&quot;, &quot;Segoe UI Web (West European)&quot;, -apple-system, BlinkMacSystemFont, Roboto, &quot;Helvetica Neue&quot;, sans-serif; font-optical-sizing: inherit; font-size-adjust: inherit; font-kerning: inherit; font-feature-settings: inherit; font-variation-settings: inherit; margin: 0px; padding: 0px; vertical-align: baseline; color: rgb(36, 36, 36); white-space-collapse: collapse; background-color: rgb(255, 255, 255);\"><\/div><div dir=\"auto\" style=\"border: 0px; font-variant-numeric: inherit; font-variant-east-asian: inherit; font-variant-alternates: inherit; font-variant-position: inherit; font-variant-emoji: inherit; font-stretch: inherit; font-size: 15px; line-height: inherit; font-family: &quot;Segoe UI&quot;, &quot;Segoe UI Web (West European)&quot;, -apple-system, BlinkMacSystemFont, Roboto, &quot;Helvetica Neue&quot;, sans-serif; font-optical-sizing: inherit; font-size-adjust: inherit; font-kerning: inherit; font-feature-settings: inherit; font-variation-settings: inherit; margin: 0px; padding: 0px; vertical-align: baseline; color: rgb(36, 36, 36); white-space-collapse: collapse; background-color: rgb(255, 255, 255);\">Im Rahmen der Wahlen wurde Stefan Kloos erneut f\u00fcr zwei Jahre als Vorstand best\u00e4tigt. Nach acht Jahren legte Simon Brauchle sein Amt als Kassierer nieder, das Luca Boser erfolgreich \u00fcbernahm. Anna-Maria Schmid wurde als Beisitzerin neu in den Ausschuss gew\u00e4hlt, der weiterhin aus Marco Lay, Jean-Pierre Steinbach, Hannes Hepp und Simon Brauchle besteht.<\/div><div dir=\"auto\" style=\"border: 0px; font-variant-numeric: inherit; font-variant-east-asian: inherit; font-variant-alternates: inherit; font-variant-position: inherit; font-variant-emoji: inherit; font-stretch: inherit; font-size: 15px; line-height: inherit; font-family: &quot;Segoe UI&quot;, &quot;Segoe UI Web (West European)&quot;, -apple-system, BlinkMacSystemFont, Roboto, &quot;Helvetica Neue&quot;, sans-serif; font-optical-sizing: inherit; font-size-adjust: inherit; font-kerning: inherit; font-feature-settings: inherit; font-variation-settings: inherit; margin: 0px; padding: 0px; vertical-align: baseline; color: rgb(36, 36, 36); white-space-collapse: collapse; background-color: rgb(255, 255, 255);\"><\/div><div dir=\"auto\" style=\"border: 0px; font-variant-numeric: inherit; font-variant-east-asian: inherit; font-variant-alternates: inherit; font-variant-position: inherit; font-variant-emoji: inherit; font-stretch: inherit; font-size: 15px; line-height: inherit; font-family: &quot;Segoe UI&quot;, &quot;Segoe UI Web (West European)&quot;, -apple-system, BlinkMacSystemFont, Roboto, &quot;Helvetica Neue&quot;, sans-serif; font-optical-sizing: inherit; font-size-adjust: inherit; font-kerning: inherit; font-feature-settings: inherit; font-variation-settings: inherit; margin: 0px; padding: 0px; vertical-align: baseline; color: rgb(36, 36, 36); white-space-collapse: collapse; background-color: rgb(255, 255, 255);\">Besondere W\u00fcrdigungen gab es f\u00fcr langj\u00e4hrige Mitglieder:Andreas Baur (10 Jahre)\u00a0Johannes Kieble (25 Jahre)\u00a0Petra L\u00fctte (35 Jahre).<\/div><div dir=\"auto\" style=\"border: 0px; font-variant-numeric: inherit; font-variant-east-asian: inherit; font-variant-alternates: inherit; font-variant-position: inherit; font-variant-emoji: inherit; font-stretch: inherit; font-size: 15px; line-height: inherit; font-family: &quot;Segoe UI&quot;, &quot;Segoe UI Web (West European)&quot;, -apple-system, BlinkMacSystemFont, Roboto, &quot;Helvetica Neue&quot;, sans-serif; font-optical-sizing: inherit; font-size-adjust: inherit; font-kerning: inherit; font-feature-settings: inherit; font-variation-settings: inherit; margin: 0px; padding: 0px; vertical-align: baseline; color: rgb(36, 36, 36); white-space-collapse: collapse; background-color: rgb(255, 255, 255);\"><\/div><div dir=\"auto\" style=\"border: 0px; font-variant-numeric: inherit; font-variant-east-asian: inherit; font-variant-alternates: inherit; font-variant-position: inherit; font-variant-emoji: inherit; font-stretch: inherit; font-size: 15px; line-height: inherit; font-family: &quot;Segoe UI&quot;, &quot;Segoe UI Web (West European)&quot;, -apple-system, BlinkMacSystemFont, Roboto, &quot;Helvetica Neue&quot;, sans-serif; font-optical-sizing: inherit; font-size-adjust: inherit; font-kerning: inherit; font-feature-settings: inherit; font-variation-settings: inherit; margin: 0px; padding: 0px; vertical-align: baseline; color: rgb(36, 36, 36); white-space-collapse: collapse; background-color: rgb(255, 255, 255);\">Den Abschluss bildete das traditionelle Dreik\u00f6nigsschie\u00dfen im Sch\u00fctzenhaus, das den Abend in geselliger Runde abrundete. Mit neuem Elan und gro\u00dfer Motivation blickt der Verein auf ein vielversprechendes neues Vereinsjahr.<\/div><div dir=\"auto\" style=\"border: 0px; font-variant-numeric: inherit; font-variant-east-asian: inherit; font-variant-alternates: inherit; font-variant-position: inherit; font-variant-emoji: inherit; font-stretch: inherit; font-size: 15px; line-height: inherit; font-family: &quot;Segoe UI&quot;, &quot;Segoe UI Web (West European)&quot;, -apple-system, BlinkMacSystemFont, Roboto, &quot;Helvetica Neue&quot;, sans-serif; font-optical-sizing: inherit; font-size-adjust: inherit; font-kerning: inherit; font-feature-settings: inherit; font-variation-settings: inherit; margin: 0px; padding: 0px; vertical-align: baseline; color: rgb(36, 36, 36); white-space-collapse: collapse; background-color: rgb(255, 255, 255);\"><\/div><div dir=\"auto\" style=\"border: 0px; font-variant-numeric: inherit; font-variant-east-asian: inherit; font-variant-alternates: inherit; font-variant-position: inherit; font-variant-emoji: inherit; font-stretch: inherit; font-size: 15px; line-height: inherit; font-family: &quot;Segoe UI&quot;, &quot;Segoe UI Web (West European)&quot;, -apple-system, BlinkMacSystemFont, Roboto, &quot;Helvetica Neue&quot;, sans-serif; font-optical-sizing: inherit; font-size-adjust: inherit; font-kerning: inherit; font-feature-settings: inherit; font-variation-settings: inherit; margin: 0px; padding: 0px; vertical-align: baseline; color: rgb(36, 36, 36); white-space-collapse: collapse; background-color: rgb(255, 255, 255);\">#FanfarenzugBergatreute #50Jahre #aufeinneues<\/div><\/p>\n<\/details>\n\n\n\n<figure class=\"wp-block-gallery has-nested-images columns-default is-cropped wp-block-gallery-1 is-layout-flex wp-block-gallery-is-layout-flex\">\n<figure class=\"wp-block-image size-large\"><img loading=\"lazy\" decoding=\"async\" width=\"1024\" height=\"1024\" data-id=\"406\" src=\"http:\/\/berengar.de\/wp-content\/uploads\/2025\/01\/InShot_20250106_171259807-1024x1024.jpg\" alt=\"\" class=\"wp-image-406\" srcset=\"https:\/\/berengar.de\/wp-content\/uploads\/2025\/01\/InShot_20250106_171259807-1024x1024.jpg 1024w, https:\/\/berengar.de\/wp-content\/uploads\/2025\/01\/InShot_20250106_171259807-300x300.jpg 300w, https:\/\/berengar.de\/wp-content\/uploads\/2025\/01\/InShot_20250106_171259807-150x150.jpg 150w, https:\/\/berengar.de\/wp-content\/uploads\/2025\/01\/InShot_20250106_171259807-768x768.jpg 768w, https:\/\/berengar.de\/wp-content\/uploads\/2025\/01\/InShot_20250106_171259807-1536x1536.jpg 1536w, https:\/\/berengar.de\/wp-content\/uploads\/2025\/01\/InShot_20250106_171259807.jpg 1920w\" sizes=\"(max-width: 1024px) 100vw, 1024px\" \/><\/figure>\n<\/figure>\n\n\n\n<figure class=\"wp-block-image size-full\"><img loading=\"lazy\" decoding=\"async\" width=\"643\" height=\"917\" src=\"https:\/\/berengar.de\/wp-content\/uploads\/2024\/09\/Screenshot-2024-09-10-201716.png\" alt=\"\" class=\"wp-image-291\" srcset=\"https:\/\/berengar.de\/wp-content\/uploads\/2024\/09\/Screenshot-2024-09-10-201716.png 643w, https:\/\/berengar.de\/wp-content\/uploads\/2024\/09\/Screenshot-2024-09-10-201716-210x300.png 210w\" sizes=\"(max-width: 643px) 100vw, 643px\" \/><\/figure>\n\n\n\n<figure class=\"wp-block-image size-full\"><img loading=\"lazy\" decoding=\"async\" width=\"911\" height=\"912\" src=\"https:\/\/berengar.de\/wp-content\/uploads\/2024\/09\/Screenshot-2024-09-10-174313.png\" alt=\"\" class=\"wp-image-287\" srcset=\"https:\/\/berengar.de\/wp-content\/uploads\/2024\/09\/Screenshot-2024-09-10-174313.png 911w, https:\/\/berengar.de\/wp-content\/uploads\/2024\/09\/Screenshot-2024-09-10-174313-300x300.png 300w, https:\/\/berengar.de\/wp-content\/uploads\/2024\/09\/Screenshot-2024-09-10-174313-150x150.png 150w, https:\/\/berengar.de\/wp-content\/uploads\/2024\/09\/Screenshot-2024-09-10-174313-768x769.png 768w\" sizes=\"(max-width: 911px) 100vw, 911px\" \/><\/figure>\n\n\n\n<figure class=\"wp-block-image size-full\"><img loading=\"lazy\" decoding=\"async\" width=\"912\" height=\"913\" src=\"https:\/\/berengar.de\/wp-content\/uploads\/2024\/09\/Screenshot-2024-09-10-174356.png\" alt=\"\" class=\"wp-image-288\" srcset=\"https:\/\/berengar.de\/wp-content\/uploads\/2024\/09\/Screenshot-2024-09-10-174356.png 912w, https:\/\/berengar.de\/wp-content\/uploads\/2024\/09\/Screenshot-2024-09-10-174356-300x300.png 300w, https:\/\/berengar.de\/wp-content\/uploads\/2024\/09\/Screenshot-2024-09-10-174356-150x150.png 150w, https:\/\/berengar.de\/wp-content\/uploads\/2024\/09\/Screenshot-2024-09-10-174356-768x769.png 768w\" sizes=\"(max-width: 912px) 100vw, 912px\" \/><\/figure>\n\n\n\n<figure class=\"wp-block-image size-full\"><img loading=\"lazy\" decoding=\"async\" width=\"820\" height=\"822\" src=\"https:\/\/berengar.de\/wp-content\/uploads\/2024\/09\/Screenshot-2024-09-10-201531.png\" alt=\"\" class=\"wp-image-290\" srcset=\"https:\/\/berengar.de\/wp-content\/uploads\/2024\/09\/Screenshot-2024-09-10-201531.png 820w, https:\/\/berengar.de\/wp-content\/uploads\/2024\/09\/Screenshot-2024-09-10-201531-300x300.png 300w, https:\/\/berengar.de\/wp-content\/uploads\/2024\/09\/Screenshot-2024-09-10-201531-150x150.png 150w, https:\/\/berengar.de\/wp-content\/uploads\/2024\/09\/Screenshot-2024-09-10-201531-768x770.png 768w\" sizes=\"(max-width: 820px) 100vw, 820px\" \/><\/figure>\n\n\n\n<figure class=\"wp-block-image size-full is-resized\"><img loading=\"lazy\" decoding=\"async\" width=\"668\" height=\"668\" src=\"https:\/\/berengar.de\/wp-content\/uploads\/2024\/04\/Screenshot-2024-04-12-125147.png\" alt=\"\" class=\"wp-image-223\" style=\"width:620px;height:auto\" srcset=\"https:\/\/berengar.de\/wp-content\/uploads\/2024\/04\/Screenshot-2024-04-12-125147.png 668w, https:\/\/berengar.de\/wp-content\/uploads\/2024\/04\/Screenshot-2024-04-12-125147-300x300.png 300w, https:\/\/berengar.de\/wp-content\/uploads\/2024\/04\/Screenshot-2024-04-12-125147-150x150.png 150w\" sizes=\"(max-width: 668px) 100vw, 668px\" \/><\/figure>\n\n\n\n<figure class=\"wp-block-image size-full is-resized\"><img loading=\"lazy\" decoding=\"async\" width=\"885\" height=\"865\" src=\"https:\/\/berengar.de\/wp-content\/uploads\/2024\/04\/Screenshot-2024-02-13-120206.png\" alt=\"\" class=\"wp-image-182\" style=\"width:625px;height:auto\" srcset=\"https:\/\/berengar.de\/wp-content\/uploads\/2024\/04\/Screenshot-2024-02-13-120206.png 885w, https:\/\/berengar.de\/wp-content\/uploads\/2024\/04\/Screenshot-2024-02-13-120206-300x293.png 300w, https:\/\/berengar.de\/wp-content\/uploads\/2024\/04\/Screenshot-2024-02-13-120206-768x751.png 768w\" sizes=\"(max-width: 885px) 100vw, 885px\" \/><figcaption class=\"wp-element-caption\"><strong>Grashopperparty am 15.03.2024 Gemeindehalle Bergatreute<\/strong><\/figcaption><\/figure>\n\n\n\n<figure class=\"wp-block-image size-full is-resized\"><img loading=\"lazy\" decoding=\"async\" width=\"825\" height=\"825\" src=\"https:\/\/berengar.de\/wp-content\/uploads\/2024\/04\/Screenshot-2023-12-21-143859.png\" alt=\"\" class=\"wp-image-233\" style=\"width:620px;height:auto\" srcset=\"https:\/\/berengar.de\/wp-content\/uploads\/2024\/04\/Screenshot-2023-12-21-143859.png 825w, https:\/\/berengar.de\/wp-content\/uploads\/2024\/04\/Screenshot-2023-12-21-143859-300x300.png 300w, https:\/\/berengar.de\/wp-content\/uploads\/2024\/04\/Screenshot-2023-12-21-143859-150x150.png 150w, https:\/\/berengar.de\/wp-content\/uploads\/2024\/04\/Screenshot-2023-12-21-143859-768x768.png 768w\" sizes=\"(max-width: 825px) 100vw, 825px\" \/><figcaption class=\"wp-element-caption\">Tourplan Fasnet 2024<\/figcaption><\/figure>\n\n\n\n<div data-wp-interactive=\"core\/file\" class=\"wp-block-file\"><object data-wp-bind--hidden=\"!state.hasPdfPreview\"  class=\"wp-block-file__embed\" data=\"https:\/\/berengar.de\/wp-content\/uploads\/2024\/04\/Ausgabe-47-Aktuell-FERTIG.pdf\" type=\"application\/pdf\" style=\"width:100%;height:600px\" aria-label=\"Einbettung von Mostfestbl\u00e4ttle Ausgabe-47-Aktuell.\"><\/object><a id=\"wp-block-file--media-e5eb5ca3-935e-426b-b633-e37c0c0c9151\" href=\"https:\/\/berengar.de\/wp-content\/uploads\/2024\/04\/Ausgabe-47-Aktuell-FERTIG.pdf\">Mostfestbl\u00e4ttle Ausgabe-47-Aktuell<\/a><a href=\"https:\/\/berengar.de\/wp-content\/uploads\/2024\/04\/Ausgabe-47-Aktuell-FERTIG.pdf\" class=\"wp-block-file__button wp-element-button\" download aria-describedby=\"wp-block-file--media-e5eb5ca3-935e-426b-b633-e37c0c0c9151\">Herunterladen<\/a><\/div>\n","protected":false},"excerpt":{"rendered":"","protected":false},"author":1,"featured_media":0,"parent":0,"menu_order":0,"comment_status":"closed","ping_status":"closed","template":"","meta":{"_price":"","_stock":"","_tribe_ticket_header":"","_tribe_default_ticket_provider":"","_tribe_ticket_capacity":"0","_ticket_start_date":"","_ticket_end_date":"","_tribe_ticket_show_description":"","_tribe_ticket_show_not_going":false,"_tribe_ticket_use_global_stock":"","_tribe_ticket_global_stock_level":"","_global_stock_mode":"","_global_stock_cap":"","_tribe_rsvp_for_event":"","_tribe_ticket_going_count":"","_tribe_ticket_not_going_count":"","_tribe_tickets_list":"[]","_tribe_ticket_has_attendee_info_fields":false,"_EventAllDay":false,"_EventTimezone":"","_EventStartDate":"","_EventEndDate":"","_EventStartDateUTC":"","_EventEndDateUTC":"","_EventShowMap":false,"_EventShowMapLink":false,"_EventURL":"","_EventCost":"","_EventCostDescription":"","_EventCurrencySymbol":"","_EventCurrencyCode":"","_EventCurrencyPosition":"","_EventDateTimeSeparator":"","_EventTimeRangeSeparator":"","_EventOrganizerID":[],"_EventVenueID":[],"_OrganizerEmail":"","_OrganizerPhone":"","_OrganizerWebsite":"","_VenueAddress":"","_VenueCity":"","_VenueCountry":"","_VenueProvince":"","_VenueState":"","_VenueZip":"","_VenuePhone":"","_VenueURL":"","_VenueStateProvince":"","_VenueLat":"","_VenueLng":"","_VenueShowMap":false,"_VenueShowMapLink":false,"footnotes":"","_tec_slr_enabled":"","_tec_slr_layout":""},"ticketed":false,"_links":{"self":[{"href":"https:\/\/berengar.de\/index.php?rest_route=\/wp\/v2\/pages\/25"}],"collection":[{"href":"https:\/\/berengar.de\/index.php?rest_route=\/wp\/v2\/pages"}],"about":[{"href":"https:\/\/berengar.de\/index.php?rest_route=\/wp\/v2\/types\/page"}],"author":[{"embeddable":true,"href":"https:\/\/berengar.de\/index.php?rest_route=\/wp\/v2\/users\/1"}],"replies":[{"embeddable":true,"href":"https:\/\/berengar.de\/index.php?rest_route=%2Fwp%2Fv2%2Fcomments&post=25"}],"version-history":[{"count":12,"href":"https:\/\/berengar.de\/index.php?rest_route=\/wp\/v2\/pages\/25\/revisions"}],"predecessor-version":[{"id":407,"href":"https:\/\/berengar.de\/index.php?rest_route=\/wp\/v2\/pages\/25\/revisions\/407"}],"wp:attachment":[{"href":"https:\/\/berengar.de\/index.php?rest_route=%2Fwp%2Fv2%2Fmedia&parent=25"}],"curies":[{"name":"wp","href":"https:\/\/api.w.org\/{rel}","templated":true}]}}